{"id":11,"date":"2021-01-30T12:55:24","date_gmt":"2021-01-30T11:55:24","guid":{"rendered":"https:\/\/www.xn--orthopde-karlsruhe-qtb.de\/?page_id=11"},"modified":"2021-06-09T18:57:58","modified_gmt":"2021-06-09T16:57:58","slug":"dr-andreas-guggenbuehler","status":"publish","type":"page","link":"https:\/\/www.xn--orthopde-karlsruhe-qtb.de\/","title":{"rendered":"Dr. Andreas Guggenb\u00fchler"},"content":{"rendered":"<p>[et_pb_section fb_built=&#8220;1&#8243; _builder_version=&#8220;4.8.2&#8243; _module_preset=&#8220;default&#8220; max_width=&#8220;1920px&#8220; module_alignment=&#8220;center&#8220; custom_margin=&#8220;||||false|false&#8220; custom_padding=&#8220;0px|||||&#8220;][et_pb_row disabled_on=&#8220;on|on|off&#8220; _builder_version=&#8220;4.8.2&#8243; _module_preset=&#8220;default&#8220; width=&#8220;100%&#8220; width_tablet=&#8220;94%&#8220; width_phone=&#8220;&#8220; width_last_edited=&#8220;on|tablet&#8220; max_width=&#8220;1920px&#8220; module_alignment=&#8220;center&#8220; custom_padding=&#8220;0px|||||&#8220;][et_pb_column type=&#8220;4_4&#8243; _builder_version=&#8220;4.8.2&#8243; _module_preset=&#8220;default&#8220;][et_pb_image src=&#8220;http:\/\/www.xn--orthopde-karlsruhe-qtb.de\/wp-content\/uploads\/2021\/03\/2.jpg&#8220; alt=&#8220;Dr. Andreas Guggenb\u00fchler&#8220; title_text=&#8220;Dr. Andreas Guggenb\u00fchler&#8220; align=&#8220;center&#8220; _builder_version=&#8220;4.8.2&#8243; _module_preset=&#8220;default&#8220; width=&#8220;100%&#8220; max_width=&#8220;1920px&#8220;][\/et_pb_image][\/et_pb_column][\/et_pb_row][et_pb_row disabled_on=&#8220;off|off|on&#8220; _builder_version=&#8220;4.8.2&#8243; _module_preset=&#8220;default&#8220; width=&#8220;100%&#8220; custom_padding=&#8220;1px|||||&#8220;][et_pb_column type=&#8220;4_4&#8243; _builder_version=&#8220;4.8.2&#8243; _module_preset=&#8220;default&#8220;][et_pb_image src=&#8220;http:\/\/www.xn--orthopde-karlsruhe-qtb.de\/wp-content\/uploads\/2021\/03\/Dr.-Andreas-Guggenbuehler.jpg&#8220; title_text=&#8220;Dr. Andreas Guggenb\u00fchler&#8220; _builder_version=&#8220;4.8.2&#8243; _module_preset=&#8220;default&#8220;][\/et_pb_image][\/et_pb_column][\/et_pb_row][et_pb_row column_structure=&#8220;2_3,1_3&#8243; _builder_version=&#8220;4.8.2&#8243; _module_preset=&#8220;default&#8220;][et_pb_column type=&#8220;2_3&#8243; _builder_version=&#8220;4.8.2&#8243; _module_preset=&#8220;default&#8220;][et_pb_text disabled_on=&#8220;on|off|off&#8220; _builder_version=&#8220;4.8.2&#8243; _module_preset=&#8220;default&#8220; header_font_size=&#8220;29px&#8220; header_5_font_size=&#8220;21px&#8220; header_5_line_height=&#8220;0.6em&#8220;]<\/p>\n<p>Als Spezialist f\u00fcr Erkrankungen des Bewegungsapparats k\u00fcmmern wir uns darum, die Ursachen Ihrer Beschwerden zu finden und die f\u00fcr Sie individuell beste Therapie einzuleiten.<\/p>\n<h5><span face=\"Arial, serif\" style=\"font-family: Arial, serif;\"><span face=\"Arial, serif\"><strong><span size=\"4\"><br \/> Unser Ziel ist es, Ihrem Leben mehr Lebensqualit\u00e4t zu geben.<\/span><\/strong><\/span><\/span><\/h5>\n<p><span face=\"Arial, serif\" style=\"font-family: Arial, serif;\"><br \/> Dabei liegt der Schwerpunkt der Behandlung im konservativen Bereich.<br \/> Wann immer es m\u00f6glich ist, versuchen wir eine Operation zu vermeiden.<br \/> <\/span><span face=\"Arial, serif\" style=\"font-family: Arial, serif;\">Wir st\u00fctzen unsere Therapie auf bew\u00e4hrte schulmedizinische Methoden, welche oftmals durch anerkannte Naturheilverfahren und die Therapie mit modernsten Ger\u00e4ten der physikalischen Therapie erg\u00e4nzt werden.<\/span><\/p>\n<p>[\/et_pb_text][et_pb_text disabled_on=&#8220;off|on|on&#8220; _builder_version=&#8220;4.8.2&#8243; _module_preset=&#8220;default&#8220; header_font_size=&#8220;29px&#8220; header_5_font_size=&#8220;21px&#8220; header_5_line_height=&#8220;0.6em&#8220;]<\/p>\n<p>Als Spezialist f\u00fcr Erkrankungen des Bewegungsapparats k\u00fcmmern wir uns darum, die Ursachen Ihrer Beschwerden zu finden und die f\u00fcr Sie individuell beste Therapie einzuleiten.<\/p>\n<h6><span face=\"Arial, serif\" style=\"font-family: Arial, serif;\"><span face=\"Arial, serif\"><strong><span size=\"4\"><br \/> Unser Ziel ist es,<br \/> Ihrem Leben mehr Lebensqualit\u00e4t zu geben.<\/span><\/strong><\/span><\/span><\/h6>\n<p><span face=\"Arial, serif\" style=\"font-family: Arial, serif;\"><br \/> Dabei liegt der Schwerpunkt der Behandlung im konservativen Bereich.<br \/> Wann immer es m\u00f6glich ist, versuchen wir eine Operation zu vermeiden.<br \/> <\/span><span face=\"Arial, serif\" style=\"font-family: Arial, serif;\">Wir st\u00fctzen unsere Therapie auf bew\u00e4hrte schulmedizinische Methoden, welche oftmals durch anerkannte Naturheilverfahren und die Therapie mit modernsten Ger\u00e4ten der physikalischen Therapie erg\u00e4nzt werden.<\/span><\/p>\n<p>[\/et_pb_text][\/et_pb_column][et_pb_column type=&#8220;1_3&#8243; _builder_version=&#8220;4.8.2&#8243; _module_preset=&#8220;default&#8220;][et_pb_text _builder_version=&#8220;4.8.2&#8243; _module_preset=&#8220;default&#8220; header_font_size=&#8220;25px&#8220; background_color=&#8220;#e2e2e2&#8243; custom_padding=&#8220;5%|5%|5%|5%|false|false&#8220; animation_style=&#8220;flip&#8220;]<\/p>\n<h1><strong>Dr. Andreas Guggenb\u00fchler<\/strong><\/h1>\n<p>Facharzt f\u00fcr Orthop\u00e4die<br \/> Schweriner Str. 2b<br \/> 76344 Eggenstein-Leopoldshafen<\/p>\n<p style=\"text-align: center;\"><strong><span face=\"Arial, serif\">Tel 0721\/781035<\/span><\/strong><\/p>\n<p>[\/et_pb_text][et_pb_button button_text=&#8220;Termin &#8220; button_alignment=&#8220;center&#8220; _builder_version=&#8220;4.8.2&#8243; _module_preset=&#8220;default&#8220; custom_button=&#8220;on&#8220; button_text_color=&#8220;#000000&#8243;][\/et_pb_button][et_pb_divider _builder_version=&#8220;4.8.2&#8243; _module_preset=&#8220;default&#8220;][\/et_pb_divider][\/et_pb_column][\/et_pb_row][\/et_pb_section][et_pb_section fb_built=&#8220;1&#8243; module_id=&#8220;therapie&#8220; _builder_version=&#8220;4.8.2&#8243; _module_preset=&#8220;default&#8220; background_color=&#8220;#FFFFFF&#8220; custom_padding=&#8220;0px|||18px|false|false&#8220; bottom_divider_height=&#8220;42px&#8220;][et_pb_row _builder_version=&#8220;4.8.2&#8243; _module_preset=&#8220;default&#8220;][et_pb_column type=&#8220;4_4&#8243; _builder_version=&#8220;4.8.2&#8243; _module_preset=&#8220;default&#8220;][et_pb_slider _builder_version=&#8220;4.8.2&#8243; _module_preset=&#8220;default&#8220; background_image=&#8220;http:\/\/www.xn--orthopde-karlsruhe-qtb.de\/wp-content\/uploads\/2021\/02\/shutterstock_362436530-1.jpg&#8220; background_repeat=&#8220;repeat&#8220; width_tablet=&#8220;&#8220; width_phone=&#8220;100%&#8220; width_last_edited=&#8220;on|phone&#8220; max_width=&#8220;100%&#8220; animation_style=&#8220;fade&#8220; animation_duration=&#8220;1800ms&#8220; auto=&#8220;on&#8220; auto_ignore_hover=&#8220;on&#8220;][et_pb_slide heading=&#8220;Bei uns steht Ihre Gesundheit im Mittelpunkt&#8220; _builder_version=&#8220;4.8.2&#8243; _module_preset=&#8220;default&#8220; header_text_color=&#8220;#FFFFFF&#8220; header_text_shadow_style=&#8220;preset1&#8243; sticky_transition=&#8220;on&#8220;][\/et_pb_slide][et_pb_slide _builder_version=&#8220;4.8.2&#8243; _module_preset=&#8220;default&#8220; background_image=&#8220;http:\/\/www.xn--orthopde-karlsruhe-qtb.de\/wp-content\/uploads\/2021\/02\/shutterstock_396837082-1.jpg&#8220; background_enable_image=&#8220;on&#8220; sticky_transition=&#8220;on&#8220;][\/et_pb_slide][et_pb_slide _builder_version=&#8220;4.8.2&#8243; _module_preset=&#8220;default&#8220; background_image=&#8220;http:\/\/www.xn--orthopde-karlsruhe-qtb.de\/wp-content\/uploads\/2021\/02\/shutterstock_61347604-1.jpg&#8220; background_enable_image=&#8220;on&#8220; sticky_transition=&#8220;on&#8220;][\/et_pb_slide][et_pb_slide _builder_version=&#8220;4.8.2&#8243; _module_preset=&#8220;default&#8220; background_enable_color=&#8220;off&#8220; background_image=&#8220;http:\/\/www.xn--orthopde-karlsruhe-qtb.de\/wp-content\/uploads\/2021\/02\/shutterstock_222968578-1.jpg&#8220; background_enable_image=&#8220;on&#8220; sticky_transition=&#8220;on&#8220;][\/et_pb_slide][et_pb_slide _builder_version=&#8220;4.8.2&#8243; _module_preset=&#8220;default&#8220; background_image=&#8220;http:\/\/www.xn--orthopde-karlsruhe-qtb.de\/wp-content\/uploads\/2021\/03\/shutterstock_751146751.jpg&#8220; background_enable_image=&#8220;on&#8220; sticky_transition=&#8220;on&#8220;][\/et_pb_slide][\/et_pb_slider][et_pb_text disabled_on=&#8220;on|on|on&#8220; _builder_version=&#8220;4.8.2&#8243; _module_preset=&#8220;default&#8220; disabled=&#8220;on&#8220;]<\/p>\n<h3 style=\"text-align: center;\">Bei uns \u00a0steht ihr Gesundheit im Mittelpunk<\/h3>\n<p>[\/et_pb_text][et_pb_gallery gallery_ids=&#8220;257,258,259,260,261,262&#8243; fullwidth=&#8220;on&#8220; disabled_on=&#8220;on|on|on&#8220; _builder_version=&#8220;4.8.2&#8243; _module_preset=&#8220;default&#8220; width=&#8220;80%&#8220; width_tablet=&#8220;100%&#8220; width_phone=&#8220;100%&#8220; width_last_edited=&#8220;on|desktop&#8220; module_alignment=&#8220;center&#8220; custom_padding=&#8220;||||true|false&#8220; hover_transition_duration=&#8220;250ms&#8220; disabled=&#8220;on&#8220;][\/et_pb_gallery][\/et_pb_column][\/et_pb_row][et_pb_row _builder_version=&#8220;4.8.2&#8243; _module_preset=&#8220;default&#8220;][et_pb_column type=&#8220;4_4&#8243; _builder_version=&#8220;4.8.2&#8243; _module_preset=&#8220;default&#8220;][et_pb_text module_id=&#8220;diagnostik&#8220; _builder_version=&#8220;4.8.2&#8243; _module_preset=&#8220;default&#8220; custom_padding=&#8220;||||false|false&#8220;]<\/p>\n<h2 style=\"text-align: center;\"><span>Diagnostik<\/span><\/h2>\n<p>[\/et_pb_text][et_pb_text _builder_version=&#8220;4.8.2&#8243; _module_preset=&#8220;default&#8220; text_font_size=&#8220;18px&#8220; custom_margin_tablet=&#8220;&#8220; custom_margin_phone=&#8220;|0px||0px|false|true&#8220; custom_margin_last_edited=&#8220;on|phone&#8220; custom_padding=&#8220;|0px||0px|false|false&#8220;]<\/p>\n<p><span face=\"Arial, serif\" style=\"font-family: Arial, serif;\">Nach dem Motto \u201eVon Kopf bis Fu\u00df in guten H\u00e4nden\u201c k\u00fcmmern wir uns um Patienten jeden Alters mit akuten und chronischen Leiden des Bewegungsapparates. Wir legen dabei gro\u00dfen Wert auf eine ganzheitliche medizinische Versorgung, auf dem neuesten Stand. Zum Behandlungsspektrum z\u00e4hlt auch die Beratung bez\u00fcglich operativer Eingriffe. Ebenso die Nachbehandlung nach Operationen sowie die Behandlung von Privat- und Sport-Unf\u00e4llen.\u00a0<\/span><\/p>\n<p><span face=\"Arial, serif\" style=\"font-family: Arial, serif;\">In einem Gespr\u00e4ch werden wir zun\u00e4chst gemeinsam mit Ihnen nach den Ursachen Ihrer Beschwerden suchen, um dann im Rahmen einer k\u00f6rperlichen Untersuchung weitere Informationen zu gewinnen. Erg\u00e4nzend kann eine R\u00f6ntgen- oder Ultraschalluntersuchung sinnvoll sein. Manchmal ist zus\u00e4tzlich eine Kernspintomographie (MRT), eine Computertomographie (CT) oder eine Laboruntersuchung erforderlich.<\/span><\/p>\n<p><span face=\"Arial, serif\" style=\"font-family: Arial, serif;\">In unserer Praxis steht eine moderne digitale R\u00f6ntgenanlage sowie ein Ultraschallger\u00e4t zur bildgebenden Diagnostik zur Verf\u00fcgung. <\/span><\/p>\n<p>[\/et_pb_text][\/et_pb_column][\/et_pb_row][et_pb_row _builder_version=&#8220;4.8.2&#8243; _module_preset=&#8220;default&#8220;][et_pb_column type=&#8220;4_4&#8243; _builder_version=&#8220;4.8.2&#8243; _module_preset=&#8220;default&#8220;][et_pb_divider _builder_version=&#8220;4.8.2&#8243; _module_preset=&#8220;default&#8220;][\/et_pb_divider][\/et_pb_column][\/et_pb_row][\/et_pb_section][et_pb_section fb_built=&#8220;1&#8243; _builder_version=&#8220;4.8.2&#8243; _module_preset=&#8220;default&#8220;][et_pb_row _builder_version=&#8220;4.8.2&#8243; _module_preset=&#8220;default&#8220;][et_pb_column type=&#8220;4_4&#8243; _builder_version=&#8220;4.8.2&#8243; _module_preset=&#8220;default&#8220;][et_pb_slider _builder_version=&#8220;4.8.2&#8243; _module_preset=&#8220;default&#8220; width=&#8220;80%&#8220; width_tablet=&#8220;100%&#8220; width_phone=&#8220;&#8220; width_last_edited=&#8220;on|desktop&#8220; max_width=&#8220;100%&#8220; module_alignment=&#8220;center&#8220; height=&#8220;80%&#8220; animation_style=&#8220;fade&#8220; animation_duration=&#8220;1900ms&#8220; auto=&#8220;on&#8220; auto_ignore_hover=&#8220;on&#8220; hover_enabled=&#8220;0&#8243; sticky_enabled=&#8220;0&#8243;][et_pb_slide _builder_version=&#8220;4.8.2&#8243; _module_preset=&#8220;default&#8220; background_image=&#8220;http:\/\/www.xn--orthopde-karlsruhe-qtb.de\/wp-content\/uploads\/2021\/02\/shutterstock_1733890862.jpg&#8220; background_enable_image=&#8220;on&#8220; header_text_shadow_style=&#8220;preset1&#8243; sticky_transition=&#8220;on&#8220;][\/et_pb_slide][et_pb_slide _builder_version=&#8220;4.8.2&#8243; _module_preset=&#8220;default&#8220; background_image=&#8220;http:\/\/www.xn--orthopde-karlsruhe-qtb.de\/wp-content\/uploads\/2021\/02\/shutterstock_1122260630.jpg&#8220; background_enable_image=&#8220;on&#8220; header_text_shadow_style=&#8220;preset1&#8243; sticky_transition=&#8220;on&#8220;][\/et_pb_slide][et_pb_slide heading=&#8220;Wir m\u00f6chten Ihnen helfen, sich schmerzfrei zu bewegen.&#8220; _builder_version=&#8220;4.8.2&#8243; _module_preset=&#8220;default&#8220; background_image=&#8220;http:\/\/www.xn--orthopde-karlsruhe-qtb.de\/wp-content\/uploads\/2021\/02\/shutterstock_570143806.jpg&#8220; background_enable_image=&#8220;on&#8220; hover_enabled=&#8220;0&#8243; header_text_shadow_style=&#8220;preset1&#8243; sticky_transition=&#8220;on&#8220; sticky_enabled=&#8220;0&#8243;][\/et_pb_slide][et_pb_slide _builder_version=&#8220;4.8.2&#8243; _module_preset=&#8220;default&#8220; background_image=&#8220;http:\/\/www.xn--orthopde-karlsruhe-qtb.de\/wp-content\/uploads\/2021\/02\/Extensionsliege-Totale-Weiss-Model-klein.jpg&#8220; background_enable_image=&#8220;on&#8220; sticky_transition=&#8220;on&#8220;][\/et_pb_slide][et_pb_slide heading=&#8220;Wir m\u00f6chten Ihnen helfen sich schmerzfrei zu bewegen.&#8220; _builder_version=&#8220;4.8.2&#8243; _module_preset=&#8220;default&#8220; background_image=&#8220;http:\/\/www.xn--orthopde-karlsruhe-qtb.de\/wp-content\/uploads\/2021\/02\/shutterstock_155947250-1.jpg&#8220; background_enable_image=&#8220;on&#8220; hover_enabled=&#8220;0&#8243; sticky_transition=&#8220;on&#8220; sticky_enabled=&#8220;0&#8243;][\/et_pb_slide][\/et_pb_slider][\/et_pb_column][\/et_pb_row][\/et_pb_section][et_pb_section fb_built=&#8220;1&#8243; module_id=&#8220;leistungen&#8220; _builder_version=&#8220;4.8.2&#8243; _module_preset=&#8220;default&#8220;][et_pb_row _builder_version=&#8220;4.8.2&#8243; _module_preset=&#8220;default&#8220; custom_margin=&#8220;0px||||false|false&#8220;][et_pb_column type=&#8220;4_4&#8243; _builder_version=&#8220;4.8.2&#8243; _module_preset=&#8220;default&#8220;][et_pb_text disabled_on=&#8220;on|on|on&#8220; _builder_version=&#8220;4.8.2&#8243; _module_preset=&#8220;default&#8220; disabled=&#8220;on&#8220;]<\/p>\n<h3 style=\"text-align: center;\"><span><strong><span face=\"Arial, serif\"><span size=\"3\">Wir m\u00f6chten Ihnen helfen sich schmerzfrei zu bewegen.<\/span><\/span><\/strong><\/span><\/h3>\n<p>[\/et_pb_text][et_pb_gallery gallery_ids=&#8220;162,161,158&#8243; fullwidth=&#8220;on&#8220; disabled_on=&#8220;on|on|on&#8220; _builder_version=&#8220;4.8.2&#8243; _module_preset=&#8220;default&#8220; width=&#8220;80%&#8220; width_tablet=&#8220;100%&#8220; width_phone=&#8220;100%&#8220; width_last_edited=&#8220;on|phone&#8220; module_alignment=&#8220;center&#8220; disabled=&#8220;on&#8220;][\/et_pb_gallery][\/et_pb_column][\/et_pb_row][et_pb_row _builder_version=&#8220;4.8.2&#8243; _module_preset=&#8220;default&#8220;][et_pb_column type=&#8220;4_4&#8243; _builder_version=&#8220;4.8.2&#8243; _module_preset=&#8220;default&#8220;][et_pb_text _builder_version=&#8220;4.8.2&#8243; _module_preset=&#8220;default&#8220; custom_padding=&#8220;||||false|false&#8220;]<\/p>\n<h2 style=\"text-align: center;\"><span face=\"Arial, serif\"><span size=\"4\">Therapie<\/span><\/span><\/h2>\n<p>[\/et_pb_text][\/et_pb_column][\/et_pb_row][et_pb_row column_structure=&#8220;1_2,1_2&#8243; _builder_version=&#8220;4.8.2&#8243; _module_preset=&#8220;default&#8220; custom_margin=&#8220;||||true|false&#8220; custom_padding=&#8220;||||false|false&#8220;][et_pb_column type=&#8220;1_2&#8243; _builder_version=&#8220;4.8.2&#8243; _module_preset=&#8220;default&#8220;][et_pb_toggle title=&#8220;Akupunktur&#8220; _builder_version=&#8220;4.8.2&#8243; _module_preset=&#8220;default&#8220;]<\/p>\n<p>Nach den Grunds\u00e4tzen und Erfahrungen der Jahrtausende alten traditionellen chinesischen Medizin (TCM) werden sehr d\u00fcnne Nadeln an speziellen Akupunkturpunkten gesetzt. Mit dieser Behandlungsform k\u00f6nnen wir Schmerzen oftmals sehr effektiv behandeln, sowie k\u00f6rpereigene Heilprozesse in Gang bringen.<\/p>\n<p>[\/et_pb_toggle][et_pb_toggle title=&#8220;Anlegen von Wund-, Kompressions- und St\u00fctzverb\u00e4nde&#8220; icon_color=&#8220;#e0e0e0&#8243; _builder_version=&#8220;4.8.2&#8243; _module_preset=&#8220;default&#8220;][\/et_pb_toggle][et_pb_toggle title=&#8220;Arthrosebehandlung&#8220; _builder_version=&#8220;4.8.2&#8243; _module_preset=&#8220;default&#8220;]<\/p>\n<p>Wichtiger Bestandteil der konservativen Arthrosetherapie ist die Injektion synthetisch hergestellter Hyalurons\u00e4ure in das betroffene Gelenk. Durch ihre au\u00dferordentliche F\u00e4higkeit zur Bindung von Wassermolek\u00fclen dient die k\u00f6rpereigene Hyalurons\u00e4ure unter anderem als Schmierstoff f\u00fcr unsere Gelenke. Bei Knorpelsch\u00e4den oder Entz\u00fcndungen sinkt die Konzentration der Hyalurons\u00e4ure in der Gelenkfl\u00fcssigkeit \u2014 die Reibung der Gelenkfl\u00e4chen erh\u00f6ht sich und der Knorpelschaden schreitet weiter voran. Durch die Injektionen lassen sich Schmerzen lindern und der weitere Abbau des Knorpels verz\u00f6gern. Diese Behandlungsmethode eignet sich bei Knorpelsch\u00e4den leichten oder mittleren Grades, nicht jedoch bei fortgeschrittenen Arthrosen. Wir beantworten Ihnen gerne alle Fragen zur Hyalurons\u00e4uretherapie.<\/p>\n<p>[\/et_pb_toggle][et_pb_toggle title=&#8220;Hom\u00f6opathische Behandlung bei orthop\u00e4dischen Erkrankungen&#8220; _builder_version=&#8220;4.8.2&#8243; _module_preset=&#8220;default&#8220;]<\/p>\n<p>Bei orthop\u00e4dischen Krankheitsbildern, kann die alternativmedizinische Behandlung (z.B. Injektion\/ Infiltration im Bereich von Muskeln und an Sehnenans\u00e4tzen) mit hom\u00f6opathischen Arzneimitteln durchgef\u00fchrt werden.<\/p>\n<p>[\/et_pb_toggle][et_pb_toggle title=&#8220;Kinesio-Tape&#8220; _builder_version=&#8220;4.8.2&#8243; _module_preset=&#8220;default&#8220;]<\/p>\n<p>Kinesiotapes finden bei Schmerzen im Bewegungsapparat Anwendung und werden durch unser geschultes medizinisches Fachpersonal angelegt.<br \/> Ziel der Tapebehandlung ist neben einer Schmerzlinderung die Entspannung der Muskulatur, Verbesserung der Mikrozirkulation, Aktivierung des lymphatischen Systems und die Unterst\u00fctzung der Gelenkfunktionen im Anwendungsgebiet.<br \/> Ein gro\u00dfer Vorteil gegen\u00fcber Verb\u00e4nden und Bandagen ist, dass die Tapes als nicht st\u00f6rend empfunden werden und Aktivit\u00e4ten bei der Arbeit, im Alltag und beim Sport nicht einschr\u00e4nken.<\/p>\n<p>[\/et_pb_toggle][et_pb_toggle title=&#8220;Manuelle Therapie\/Chirotherapie&#8220; _builder_version=&#8220;4.8.2&#8243; _module_preset=&#8220;default&#8220;]<\/p>\n<p>Durch diese naturmedizinische Behandlungsmethode lassen sich Schmerzen oft rasch lindern. Mit den H\u00e4nden werden St\u00f6rungen der Gelenke untersucht und behandelt. Dabei werden Mobilisations- und Manipulationstechniken angewandt, um Blockierungen und Bewegungseinschr\u00e4nkungen von Gelenken der Wirbels\u00e4ule sowie Extremit\u00e4ten zu l\u00f6sen.<\/p>\n<p>[\/et_pb_toggle][et_pb_toggle title=&#8220;Orthop\u00e4dietechnische Versorgung&#8220; _builder_version=&#8220;4.8.2&#8243; _module_preset=&#8220;default&#8220;]<\/p>\n<p><span face=\"Arial, serif\" style=\"font-family: Arial, serif;\">Einlagen, Orthesen, orthop\u00e4dische Ma\u00dfschuhe, Bandagen, Prothesen<\/span><\/p>\n<p>[\/et_pb_toggle][et_pb_toggle title=&#8220;Orthop\u00e4dische Schmerztherapie&#8220; _builder_version=&#8220;4.8.2&#8243; _module_preset=&#8220;default&#8220;]<\/p>\n<p>Individuell abgestimmte Schmerztherapie, bei der oft mehrere Verfahren zum Einsatz kommen. Hierzu z\u00e4hlen u.a. Medikamente, physikalische Therapie, manuelle Therapie, Verb\u00e4nde, Injektionen.<\/p>\n<p>[\/et_pb_toggle][et_pb_toggle title=&#8220;Osteoporosebehandlung&#8220; icon_color=&#8220;#e0e0e0&#8243; _builder_version=&#8220;4.8.2&#8243; _module_preset=&#8220;default&#8220;][\/et_pb_toggle][et_pb_toggle title=&#8220;Psychosomatische Grundversorgung&#8220; icon_color=&#8220;#e0e0e0&#8243; _builder_version=&#8220;4.8.2&#8243; _module_preset=&#8220;default&#8220;][\/et_pb_toggle][et_pb_toggle title=&#8220;Sportmedizin&#8220; icon_color=&#8220;#e0e0e0&#8243; _builder_version=&#8220;4.8.2&#8243; _module_preset=&#8220;default&#8220;][\/et_pb_toggle][et_pb_toggle title=&#8220;Therapeutische Lokalan\u00e4sthesie&#8220; _builder_version=&#8220;4.8.2&#8243; _module_preset=&#8220;default&#8220;]<\/p>\n<p>Bei der Therapeutischen Lokalan\u00e4sthesie (TLA) werden gereizte Facettengelenke oder Nervenwurzeln, beispielsweise im Bereich der Wirbels\u00e4ule, mit einem verd\u00fcnnten Lokalan\u00e4sthetikum infiltriert. Zur exakten Lokalisation kann hier der Einsatz der Bildgebung mit Ultraschall sinnvoll sein. Bei der Segmenttherapie\u00a0wird ein verd\u00fcnntes Lokalan\u00e4sthetikum in Form von Hautquaddeln oder an Ganglien im Bereich der entsprechenden \u201eHeadschen Zonen\u201c der inneren Organe injiziert. Dabei soll die Wirkung \u00fcber das vegetative Nervensystem im betroffenen Segment vermittelt werden.<\/p>\n<p>[\/et_pb_toggle][\/et_pb_column][et_pb_column type=&#8220;1_2&#8243; _builder_version=&#8220;4.8.2&#8243; _module_preset=&#8220;default&#8220;][et_pb_toggle title=&#8220;Physikalische Medizin :&#8220; open_toggle_background_color=&#8220;#c6c6c6&#8243; closed_toggle_background_color=&#8220;#c6c6c6&#8243; _builder_version=&#8220;4.8.2&#8243; _module_preset=&#8220;default&#8220; title_level=&#8220;h4&#8243; title_font=&#8220;||||||||&#8220;]<\/p>\n<p>Durch physikalische Therapie k\u00f6nnen Schmerzen oft soweit reduziert werden, dass keine Schmerzmedikamente mehr ben\u00f6tigt werden oder zumindest reduziert werden k\u00f6nnen. Sie ist ein Teilgebiet der Physiotherapie und nutzt nat\u00fcrliche (vom griechischen Wort physis = Natur) Behandlungsformen, um Schmerzen und Funktionseinschr\u00e4nkungen zu lindern sowie die Durchblutung und N\u00e4hrstoffversorgung verschiedener Gewebe zu verbessern.<\/p>\n<p>[\/et_pb_toggle][et_pb_toggle title=&#8220;Pulsierende Traktionstherapie mit Diathermie-Tiefenw\u00e4rme &#8220; open_toggle_background_color=&#8220;#c6c6c6&#8243; closed_toggle_background_color=&#8220;#c6c6c6&#8243; _builder_version=&#8220;4.8.2&#8243; _module_preset=&#8220;default&#8220; custom_margin=&#8220;||25px||false|false&#8220; custom_padding=&#8220;||||false|false&#8220;]<\/p>\n<p>Insbesondere bei Schmerzen im Bereich der Wirbels\u00e4ule f\u00fchrt diese Behandlung zu einer deutlichen Schmerzreduzierung. Die Indikationen f\u00fcr die Traktionsbehandlung der Lendenwirbels\u00e4ule (LWS) reichen von einer geringen schmerzhaften Dysfunktion mit einfacher muskul\u00e4rer Verspannung bis zur gesicherten Bandscheibenprotrusion oder einem nachgewiesenen Bandscheibenvorfall mit Schmerzausstrahlung in die unteren Gliedma\u00dfen (radikul\u00e4res Schmerzsyndrom).<br \/> Im Einzelnen k\u00f6nnen durch die intermittierende pulsierende Distraktion der Wirbels\u00e4ulenabschnitte folgende Effekte erreicht werden:<\/p>\n<ul>\n<li>Vergr\u00f6\u00dferung des Wirbelabstandes und der Nervenaustrittsl\u00f6cher (Neuroforamen) sowie Reposition von protrahiertem Bandscheibengewebe mit Entlastung der irritierten Nerven und Nervenwurzeln<\/li>\n<li>Abnahme des Drucks innerhalb der Bandscheiben<\/li>\n<li>Einleitung und Beschleunigung k\u00f6rpereigener Heil- und Reparaturvorg\u00e4nge an Bandscheiben und Nervengewebe<\/li>\n<li>Abflie\u00dfen begleitender Stauungs\u00f6deme an Nerven und Nervenwurzeln<\/li>\n<li>Verbesserung des segmentalen Stoffwechsels und Rehydratation der Bandscheiben.<\/li>\n<\/ul>\n<p>[\/et_pb_toggle][et_pb_toggle title=&#8220;Neuroreflektorische K\u00e4ltetherapie&#8220; open_toggle_background_color=&#8220;#c6c6c6&#8243; closed_toggle_background_color=&#8220;#c6c6c6&#8243; _builder_version=&#8220;4.8.2&#8243; _module_preset=&#8220;default&#8220; custom_margin=&#8220;||25px||false|false&#8220; custom_padding=&#8220;||||false|false&#8220;]<\/p>\n<p>Schon in der Antike wurde die K\u00e4ltetherapie zur Schmerztherapie und Linderung von weiteren Beschwerden bekannt. Mittels unserem CO2-lasergesteuertem Therapieger\u00e4t k\u00f6nnen wir Ihnen eine spezielle K\u00e4ltetherapie zur Entz\u00fcndungshemmung und Abschwellung anbieten. Bei frischen Verletzungen wird mittels K\u00e4lteschock der Schmerzkreislauf und die Kaskade der Entz\u00fcndungsmediatoren unterbrochen. Zus\u00e4tzlich wird der lokale Lymphabfluss gesteigert. <br \/>Anwendungsgebiete: Sportverletzungen, wie z.B. B\u00e4nderrisse, Kapselverletzungen, Muskelzerrungen, Muskelfaserrisse Prellungen, Bluterg\u00fcsse.<br \/>Weitere Anwendungsgebiete: Akute Schleimbeutelentz\u00fcndungen, akuter Gichtanfall, aktivierte Arthrose mit Erguss, rheumatisch entz\u00fcndliche Gelenke mit Erguss und Schwellung, s\u00e4mtliche chronische Sehnenreizungen und \u2013entz\u00fcndungen. Eine zeitnahe Behandlung nach der Verletzung f\u00fchrt zur beschleunigten Abschwellung, Schmerzreduktion und fr\u00fcheren Rekonvaleszenz.<\/p>\n<p>[\/et_pb_toggle][et_pb_toggle title=&#8220;Elektrotherapie mit Vakuum-Behandlung&#8220; open_toggle_background_color=&#8220;#c6c6c6&#8243; closed_toggle_background_color=&#8220;#c6c6c6&#8243; icon_color=&#8220;#c6c6c6&#8243; _builder_version=&#8220;4.8.2&#8243; _module_preset=&#8220;default&#8220; custom_margin=&#8220;||25px||false|false&#8220; custom_padding=&#8220;||||false|false&#8220;][\/et_pb_toggle][et_pb_toggle title=&#8220;Reizstrombehandlung&#8220; open_toggle_background_color=&#8220;#c6c6c6&#8243; closed_toggle_background_color=&#8220;#c6c6c6&#8243; icon_color=&#8220;#c6c6c6&#8243; _builder_version=&#8220;4.8.2&#8243; _module_preset=&#8220;default&#8220; custom_margin=&#8220;||25px||false|false&#8220; custom_padding=&#8220;||||false|false&#8220;][\/et_pb_toggle][et_pb_toggle title=&#8220;Ultraschalltherapie&#8220; open_toggle_background_color=&#8220;#c6c6c6&#8243; closed_toggle_background_color=&#8220;#c6c6c6&#8243; icon_color=&#8220;#c6c6c6&#8243; _builder_version=&#8220;4.8.2&#8243; _module_preset=&#8220;default&#8220; custom_margin=&#8220;||25px||false|false&#8220; custom_padding=&#8220;||||false|false&#8220;]<\/p>\n<p>Your content goes here. Edit or remove this text inline or in the module Content settings. You can also style every aspect of this content in the module Design settings and even apply custom CSS to this text in the module Advanced settings.<\/p>\n<p>[\/et_pb_toggle][et_pb_toggle title=&#8220;TENS-Therapie&#8220; open_toggle_background_color=&#8220;#c6c6c6&#8243; closed_toggle_background_color=&#8220;#c6c6c6&#8243; _builder_version=&#8220;4.8.2&#8243; _module_preset=&#8220;default&#8220; custom_margin=&#8220;||25px||false|false&#8220; custom_padding=&#8220;||||false|false&#8220;]<\/p>\n<p>Bei der transkutanen elektrischen Nervenstimulation werden \u00fcber Elektroden elektrische Impulse auf die Hautoberfl\u00e4che \u00fcbertragen. Diese Reizstromtherapie wird zur Behandlung von Schmerzen und zur Muskelstimulation eingesetzt und ist, nach Einweisung, auch mit einem kleinen Ger\u00e4t zu Hause durchf\u00fchrbar.<\/p>\n<p>[\/et_pb_toggle][et_pb_toggle title=&#8220;Bio-Magnetfeld-Therapie&#8220; open_toggle_background_color=&#8220;#c6c6c6&#8243; closed_toggle_background_color=&#8220;#c6c6c6&#8243; _builder_version=&#8220;4.8.2&#8243; _module_preset=&#8220;default&#8220; custom_margin=&#8220;||25px||false|false&#8220; custom_padding=&#8220;||||false|false&#8220;]<\/p>\n<p>Es handelt sich hierbei um eine alternativmedizinische Behandlung. Seit circa 2000 Jahren ist der Einsatz magnetischer Steine in verschiedenen Kulturen zur Unterst\u00fctzung der Heilung \u00fcblich. Mit pulsierenden elektromagnetischen Feldern k\u00f6nnen Reizzust\u00e4nde und entz\u00fcndliche \u00dcberlastungen an Sehnen, B\u00e4ndern, Muskeln, Gelenkkapseln und Gelenken behandelt werden. Nach \u00e4rztlicher Voruntersuchung werden in der Regel 10 Anwendungen mit dem Bio-Magnet-Therapie-Ger\u00e4t Pro Puls 2000 von BioMedics durchgef\u00fchrt.<\/p>\n<p>[\/et_pb_toggle][\/et_pb_column][\/et_pb_row][et_pb_row _builder_version=&#8220;4.8.2&#8243; _module_preset=&#8220;default&#8220;][et_pb_column type=&#8220;4_4&#8243; _builder_version=&#8220;4.8.2&#8243; _module_preset=&#8220;default&#8220;][et_pb_text _builder_version=&#8220;4.8.2&#8243; _module_preset=&#8220;default&#8220;]<\/p>\n<p>Wir behandeln sowohl gesetzlich als auch privat versicherte Patienten. Einige Leistungen werden jedoch nicht oder nur teilweise von den gesetzlichen Krankenkassen \u00fcbernommen. Nat\u00fcrlich informieren wir Sie hier von Fall zu Fall und kl\u00e4ren Sie \u00fcber entstehende Kosten auf.<\/p>\n<p>[\/et_pb_text][\/et_pb_column][\/et_pb_row][et_pb_row _builder_version=&#8220;4.8.2&#8243; _module_preset=&#8220;default&#8220;][et_pb_column type=&#8220;4_4&#8243; _builder_version=&#8220;4.8.2&#8243; _module_preset=&#8220;default&#8220;][et_pb_divider _builder_version=&#8220;4.8.2&#8243; _module_preset=&#8220;default&#8220;][\/et_pb_divider][\/et_pb_column][\/et_pb_row][\/et_pb_section][et_pb_section fb_built=&#8220;1&#8243; module_id=&#8220;kontakt&#8220; _builder_version=&#8220;4.8.2&#8243; _module_preset=&#8220;default&#8220;][et_pb_row _builder_version=&#8220;4.8.2&#8243; _module_preset=&#8220;default&#8220;][et_pb_column type=&#8220;4_4&#8243; _builder_version=&#8220;4.8.2&#8243; _module_preset=&#8220;default&#8220;][et_pb_text _builder_version=&#8220;4.8.2&#8243; _module_preset=&#8220;default&#8220;]<\/p>\n<h2 style=\"text-align: center;\">Kontakt<\/h2>\n<p>[\/et_pb_text][\/et_pb_column][\/et_pb_row][et_pb_row column_structure=&#8220;1_2,1_2&#8243; _builder_version=&#8220;4.8.2&#8243; _module_preset=&#8220;default&#8220;][et_pb_column type=&#8220;1_2&#8243; _builder_version=&#8220;4.8.2&#8243; _module_preset=&#8220;default&#8220;][et_pb_image src=&#8220;http:\/\/www.xn--orthopde-karlsruhe-qtb.de\/wp-content\/uploads\/2021\/03\/IMG_8364-2.jpg&#8220; alt=&#8220;Dr. Andreas Guggenb\u00fchler&#8220; title_text=&#8220;Dr. Andreas Guggenb\u00fchler&#8220; align=&#8220;center&#8220; _builder_version=&#8220;4.8.2&#8243; _module_preset=&#8220;default&#8220; max_width=&#8220;75%&#8220; max_width_tablet=&#8220;58%&#8220; max_width_phone=&#8220;100%&#8220; max_width_last_edited=&#8220;on|phone&#8220; custom_margin_tablet=&#8220;&#8220; custom_margin_phone=&#8220;&#8220; custom_margin_last_edited=&#8220;on|phone&#8220; custom_padding=&#8220;||||false|false&#8220;][\/et_pb_image][et_pb_text _builder_version=&#8220;4.8.2&#8243; _module_preset=&#8220;default&#8220; header_3_font_size=&#8220;25px&#8220; header_4_font_size=&#8220;17px&#8220; background_color=&#8220;#FFFFFF&#8220; custom_margin=&#8220;|15%||15%|false|true&#8220; custom_margin_tablet=&#8220;&#8220; custom_margin_phone=&#8220;|0px||0px|false|true&#8220; custom_margin_last_edited=&#8220;on|phone&#8220; custom_padding=&#8220;5%|0%|5%|0%|true|true&#8220; border_width_all=&#8220;1px&#8220;]<\/p>\n<h3 style=\"text-align: center;\"><strong>Dr. Andreas Guggenb\u00fchler<\/strong><\/h3>\n<h3 style=\"text-align: center;\"><\/h3>\n<h4 style=\"text-align: center;\">Facharzt f\u00fcr Orthop\u00e4die<\/h4>\n<h4 style=\"text-align: center;\">Akupunktur | Chirotherapie\u00a0 | Sportmedizin<\/h4>\n<p>[\/et_pb_text][\/et_pb_column][et_pb_column type=&#8220;1_2&#8243; _builder_version=&#8220;4.8.2&#8243; _module_preset=&#8220;default&#8220;][et_pb_text _builder_version=&#8220;4.8.2&#8243; _module_preset=&#8220;default&#8220; header_3_font_size=&#8220;19px&#8220;]<\/p>\n<h3 style=\"text-align: left;\"><span face=\"Arial, serif\" style=\"font-family: Arial, serif;\"><b>VEREINBAREN SIE EINEN TERMIN MIT IHREM ORTHOP\u00c4DEN<\/b><\/span><\/h3>\n<p style=\"text-align: left;\"><span face=\"Arial, serif\" style=\"font-family: Arial, serif;\">Gerne berate ich Sie individuell!<br \/> <\/span><span face=\"Arial, serif\" style=\"font-family: Arial, serif;\">Gemeinsam finden wir die ideale Behandlung f\u00fcr Ihre Problematik.<br \/> <\/span><span face=\"Arial, serif\" style=\"font-family: Arial, serif;\">Ich freue mich auf Ihren Besuch!<\/span><\/p>\n<p>[\/et_pb_text][et_pb_text disabled_on=&#8220;on|off|off&#8220; _builder_version=&#8220;4.8.2&#8243; _module_preset=&#8220;default&#8220; header_3_font_size=&#8220;20px&#8220; background_color=&#8220;#e2e2e2&#8243; custom_margin_last_edited=&#8220;off|desktop&#8220; custom_padding=&#8220;5%|5%|5%|5%|true|true&#8220;]<\/p>\n<h3><strong>Sprechzeiten<\/strong><\/h3>\n<table class=\"WgFkxc\">\n<tbody>\n<tr>\n<td class=\"SKNSIb\">Montag<\/td>\n<td>08:00\u201312:00, 15:00\u201318:00<\/td>\n<\/tr>\n<tr>\n<td class=\"SKNSIb\">Dienstag<\/td>\n<td>08:00\u201312:00, 14:30\u201317:00<\/td>\n<\/tr>\n<tr>\n<td class=\"SKNSIb\">Mittwoch<\/td>\n<td>08:00\u201313:00<\/td>\n<\/tr>\n<tr>\n<td class=\"SKNSIb\">Donnerstag<\/td>\n<td>08:00\u201312:00, 14:30\u201317:00<\/td>\n<\/tr>\n<tr>\n<td class=\"SKNSIb\">Freitag<\/td>\n<td>08:00\u201313:00<\/td>\n<\/tr>\n<\/tbody>\n<\/table>\n<p>[\/et_pb_text][et_pb_text _builder_version=&#8220;4.8.2&#8243; _module_preset=&#8220;default&#8220; text_font_size=&#8220;24px&#8220;]<\/p>\n<p style=\"text-align: center;\"><strong><span face=\"Arial, serif\">Tel 0721\/781035<br \/> <\/span><\/strong><\/p>\n<p style=\"text-align: center;\"><strong><span face=\"Arial, serif\" style=\"font-family: Arial, serif;\">Fax 0721\/781036<\/span><\/strong><strong><span face=\"Arial, serif\">\u00a0<\/span><\/strong><\/p>\n<p style=\"text-align: center;\"><span face=\"Arial, serif\"><a href=\"mailto:Patient-Guggenuhler@gmx.de\">Patient-Guggenbuehler@gmx.de<\/a><\/span><\/p>\n<p style=\"text-align: center;\"><strong><span face=\"Arial, serif\"><\/span><\/strong><\/p>\n<p style=\"text-align: center;\">\n<p>[\/et_pb_text][et_pb_text disabled_on=&#8220;off|on|on&#8220; _builder_version=&#8220;4.8.2&#8243; _module_preset=&#8220;default&#8220; header_3_font_size=&#8220;20px&#8220; background_color=&#8220;#e2e2e2&#8243; custom_margin_last_edited=&#8220;off|desktop&#8220; custom_padding=&#8220;5%|5%|5%|5%|true|true&#8220;]<\/p>\n<h3><strong>Sprechzeiten<\/strong><\/h3>\n<table class=\"WgFkxc\" border=\"1px\">\n<tbody>\n<tr>\n<td class=\"SKNSIb\">Mo<\/td>\n<td>08:00\u201312:00, 15:00\u201318:00<\/td>\n<\/tr>\n<tr>\n<td class=\"SKNSIb\">Di<\/td>\n<td>08:00\u201312:00, 14:30\u201317:00<\/td>\n<\/tr>\n<tr>\n<td class=\"SKNSIb\">Mi<\/td>\n<td>08:00\u201313:00<\/td>\n<\/tr>\n<tr>\n<td class=\"SKNSIb\">Do<\/td>\n<td>08:00\u201312:00, 14:30\u201317:00<\/td>\n<\/tr>\n<tr>\n<td class=\"SKNSIb\">Fr<\/td>\n<td>08:00\u201313:00<\/td>\n<\/tr>\n<\/tbody>\n<\/table>\n<p>[\/et_pb_text][\/et_pb_column][\/et_pb_row][et_pb_row column_structure=&#8220;1_2,1_2&#8243; _builder_version=&#8220;4.8.2&#8243; _module_preset=&#8220;default&#8220; custom_padding=&#8220;0px|||||&#8220;][et_pb_column type=&#8220;1_2&#8243; _builder_version=&#8220;4.8.2&#8243; _module_preset=&#8220;default&#8220;][et_pb_button button_text=&#8220;Online Termine&#8220; button_alignment=&#8220;center&#8220; disabled_on=&#8220;on|on|on&#8220; _builder_version=&#8220;4.8.2&#8243; _module_preset=&#8220;default&#8220; custom_button=&#8220;on&#8220; button_text_color=&#8220;#000000&#8243; button_border_color=&#8220;#000000&#8243; disabled=&#8220;on&#8220;][\/et_pb_button][\/et_pb_column][et_pb_column type=&#8220;1_2&#8243; _builder_version=&#8220;4.8.2&#8243; _module_preset=&#8220;default&#8220;][\/et_pb_column][\/et_pb_row][et_pb_row _builder_version=&#8220;4.8.2&#8243; _module_preset=&#8220;default&#8220;][et_pb_column type=&#8220;4_4&#8243; _builder_version=&#8220;4.8.2&#8243; _module_preset=&#8220;default&#8220;][et_pb_divider _builder_version=&#8220;4.8.2&#8243; _module_preset=&#8220;default&#8220;][\/et_pb_divider][\/et_pb_column][\/et_pb_row][et_pb_row _builder_version=&#8220;4.8.2&#8243; _module_preset=&#8220;default&#8220;][et_pb_column type=&#8220;4_4&#8243; _builder_version=&#8220;4.8.2&#8243; _module_preset=&#8220;default&#8220;][et_pb_text _builder_version=&#8220;4.8.2&#8243; _module_preset=&#8220;default&#8220;]<\/p>\n<p style=\"text-align: center;\"><span face=\"Arial, serif\" style=\"font-family: Arial, serif;\">Sehr geehrte Patienten, falls sie einen Medikamentenplan, Arztbriefe oder Befund sowie R\u00f6ntgen- und MRT-Bilder haben, diese bitte m\u00f6glichst zum Arzttermin mitbringen.<\/span><\/p>\n<p style=\"text-align: center;\"><span face=\"Arial, serif\" style=\"font-family: Arial, serif;\">Gerne k\u00f6nnen Sie uns diese auch vorab zukommen lassen.<\/span><\/p>\n<p>&nbsp;<\/p>\n<p>[\/et_pb_text][\/et_pb_column][\/et_pb_row][et_pb_row _builder_version=&#8220;4.8.2&#8243; _module_preset=&#8220;default&#8220;][et_pb_column type=&#8220;4_4&#8243; _builder_version=&#8220;4.8.2&#8243; _module_preset=&#8220;default&#8220;][et_pb_divider _builder_version=&#8220;4.8.2&#8243; _module_preset=&#8220;default&#8220;][\/et_pb_divider][\/et_pb_column][\/et_pb_row][\/et_pb_section][et_pb_section fb_built=&#8220;1&#8243; module_id=&#8220;so&#8220; _builder_version=&#8220;4.8.2&#8243; _module_preset=&#8220;default&#8220;][et_pb_row _builder_version=&#8220;4.8.2&#8243; _module_preset=&#8220;default&#8220;][et_pb_column type=&#8220;4_4&#8243; _builder_version=&#8220;4.8.2&#8243; _module_preset=&#8220;default&#8220;][et_pb_text _builder_version=&#8220;4.8.2&#8243; _module_preset=&#8220;default&#8220;]<\/p>\n<h2 style=\"text-align: center;\">So finden Sie uns!<\/h2>\n<p>[\/et_pb_text][\/et_pb_column][\/et_pb_row][et_pb_row column_structure=&#8220;3_5,2_5&#8243; custom_padding_last_edited=&#8220;on|desktop&#8220; _builder_version=&#8220;4.8.2&#8243; _module_preset=&#8220;default&#8220; custom_padding=&#8220;0px||0px||false|false&#8220; custom_padding_tablet=&#8220;&#8220; custom_padding_phone=&#8220;&#8220;][et_pb_column type=&#8220;3_5&#8243; _builder_version=&#8220;4.8.2&#8243; _module_preset=&#8220;default&#8220;][et_pb_image src=&#8220;http:\/\/www.xn--orthopde-karlsruhe-qtb.de\/wp-content\/uploads\/2021\/03\/FErtig.png&#8220; title_text=&#8220;FErtig&#8220; force_fullwidth=&#8220;on&#8220; _builder_version=&#8220;4.8.2&#8243; _module_preset=&#8220;default&#8220; min_height=&#8220;100%&#8220; custom_margin=&#8220;10%|5%|10%|5%|true|true&#8220; custom_margin_tablet=&#8220;&#8220; custom_margin_phone=&#8220;10%|0%|10%|0%|true|true&#8220; custom_margin_last_edited=&#8220;on|phone&#8220;][\/et_pb_image][\/et_pb_column][et_pb_column type=&#8220;2_5&#8243; _builder_version=&#8220;4.8.2&#8243; _module_preset=&#8220;default&#8220;][et_pb_text _builder_version=&#8220;4.8.2&#8243; _module_preset=&#8220;default&#8220; custom_margin=&#8220;50%||50%||true|false&#8220; custom_margin_tablet=&#8220;0%|||0%|false|false&#8220; custom_margin_phone=&#8220;0%||20px|0%|false|false&#8220; custom_margin_last_edited=&#8220;on|desktop&#8220; custom_padding=&#8220;8%|8%|8%|8%|true|true&#8220; border_width_all=&#8220;1px&#8220;]<\/p>\n<p><strong>Schweriner Str. 2b<\/strong><br \/> <strong> 76344 Eggenstein-Leopoldshafen<\/strong><\/p>\n<p>Wir haben 9 kostenfreie Parkpl\u00e4tze direkt vor unserem Eingang.<br \/> 50 Meter Fu\u00dfweg zur S-Bahn<br \/> <span face=\"Arial, serif\" style=\"font-family: Arial, serif;\"><span size=\"4\" style=\"font-size: large;\">(S1 und S11, Haltestelle Eggenstein-Schweriner-Str.)<br \/> ebenerdiger Zugang<\/span><\/span><\/p>\n<p>[\/et_pb_text][\/et_pb_column][\/et_pb_row][et_pb_row _builder_version=&#8220;4.8.2&#8243; _module_preset=&#8220;default&#8220;][et_pb_column type=&#8220;4_4&#8243; _builder_version=&#8220;4.8.2&#8243; _module_preset=&#8220;default&#8220;][et_pb_divider _builder_version=&#8220;4.8.2&#8243; _module_preset=&#8220;default&#8220;][\/et_pb_divider][\/et_pb_column][\/et_pb_row][\/et_pb_section][et_pb_section fb_built=&#8220;1&#8243; module_id=&#8220;aktuelles&#8220; _builder_version=&#8220;4.8.2&#8243; _module_preset=&#8220;default&#8220;][et_pb_row _builder_version=&#8220;4.8.2&#8243; _module_preset=&#8220;default&#8220;][et_pb_column type=&#8220;4_4&#8243; _builder_version=&#8220;4.8.2&#8243; _module_preset=&#8220;default&#8220;][et_pb_text _builder_version=&#8220;4.8.2&#8243; _module_preset=&#8220;default&#8220;]<\/p>\n<h2 style=\"text-align: center;\">Aktuelles<\/h2>\n<p>[\/et_pb_text][\/et_pb_column][\/et_pb_row][et_pb_row _builder_version=&#8220;4.8.2&#8243; _module_preset=&#8220;default&#8220;][et_pb_column type=&#8220;4_4&#8243; _builder_version=&#8220;4.8.2&#8243; _module_preset=&#8220;default&#8220;][et_pb_text _builder_version=&#8220;4.8.2&#8243; _module_preset=&#8220;default&#8220; header_3_font_size=&#8220;19px&#8220;]<\/p>\n<p>Liebe Patientinnen, liebe Patienten,<br \/> auch w\u00e4hrend der Corona-Pandemie sind wir gerne f\u00fcr Sie da. Bitte haben Sie Verst\u00e4ndnis, dass entsprechenden Sicherheitsma\u00dfnahmen und Abl\u00e4ufe in unserer Praxis zur Vermeidung einer Covid-19-Infektion umgesetzt worden sind.<br \/> <strong>Wir bitten um telefonische Anmeldung.<\/strong><br \/> <strong>Bei Grippesymptomen die Praxis bitte nicht aufsuchen.<\/strong><br \/> Wir bitten Sie die Abstandsregeln in der gesamten Praxis, insbesondere an der Anmeldung und im Wartebereich, einzuhalten. Wir versuchen mit ge\u00e4nderten Abl\u00e4ufen die Wartezeiten zu reduzieren. Bitte tragen Sie w\u00e4hrend des gesamten Praxisbesuches medizinische Masken (OP-Maske\/ FFP2\/ KN95) und desinfizieren Sie sich die H\u00e4nde.<br \/> Eine Begleitung der Patienten sollte nur in Ausnahmef\u00e4llen erfolgen.<\/p>\n<p>Dr. Andreas Guggenb\u00fchler.<\/p>\n<p>[\/et_pb_text][\/et_pb_column][\/et_pb_row][et_pb_row column_structure=&#8220;1_2,1_2&#8243; _builder_version=&#8220;4.8.2&#8243; _module_preset=&#8220;default&#8220; custom_margin=&#8220;||0px||false|false&#8220; custom_padding=&#8220;||0px||false|false&#8220;][et_pb_column type=&#8220;1_2&#8243; _builder_version=&#8220;4.8.2&#8243; _module_preset=&#8220;default&#8220;][et_pb_text _builder_version=&#8220;4.8.2&#8243; _module_preset=&#8220;default&#8220; background_color=&#8220;#e2e2e2&#8243; custom_padding=&#8220;5%|5%|5%|5%|true|true&#8220;]<\/p>\n<h5><strong>\u00c4rztlicher Notdienst au\u00dferhalb der Sprechzeiten und an Wochenenden:<\/strong><\/h5>\n<p>\u00c4rztlicher Notdienst Tel. 116117<br \/> Allgemeine Notfallpraxis am St\u00e4dtischen Klinikum<br \/> Franz-Lust-Str. 31 (gegen\u00fcber der Haltestelle Knielinger Allee)<br \/> 76185 Karlsruhe<\/p>\n<p>[\/et_pb_text][\/et_pb_column][et_pb_column type=&#8220;1_2&#8243; _builder_version=&#8220;4.8.2&#8243; _module_preset=&#8220;default&#8220;][et_pb_text _builder_version=&#8220;4.8.2&#8243; _module_preset=&#8220;default&#8220; custom_margin=&#8220;0.1%||||false|false&#8220;]<\/p>\n<p>\u00d6ffnungszeiten (ohne Gew\u00e4hr)<\/p>\n<table>\n<tbody>\n<tr>\n<td>Sa,So<\/td>\n<td>08-22 Uhr<\/td>\n<\/tr>\n<tr>\n<td>Mo, Di, Do<\/td>\n<td>19-22 Uhr<\/td>\n<\/tr>\n<tr>\n<td>Mi<\/td>\n<td>13-22 Uhr<\/td>\n<\/tr>\n<tr>\n<td>Fr<\/td>\n<td>16-22 Uhr<\/td>\n<\/tr>\n<\/tbody>\n<\/table>\n<p>&nbsp;<\/p>\n<p>[\/et_pb_text][\/et_pb_column][\/et_pb_row][et_pb_row _builder_version=&#8220;4.8.2&#8243; _module_preset=&#8220;default&#8220; hover_enabled=&#8220;0&#8243; sticky_enabled=&#8220;0&#8243;][et_pb_column type=&#8220;4_4&#8243; _builder_version=&#8220;4.8.2&#8243; _module_preset=&#8220;default&#8220;][et_pb_text _builder_version=&#8220;4.8.2&#8243; _module_preset=&#8220;default&#8220; header_3_font_size=&#8220;20px&#8220; custom_margin=&#8220;0px||||false|false&#8220; hover_enabled=&#8220;0&#8243; sticky_enabled=&#8220;0&#8243;]<\/p>\n<h3><strong>Urlaub vom 31.07.21 bis 22.08.21<\/strong><\/h3>\n<div>Ab September 2021 Ausbildungsstelle medizinsche\/r Fachangestellte\/r (m\/w\/d) zu vergeben<\/div>\n<div>Urlaub 31.07.2021 bis 22.08.2021<\/div>\n<p>&nbsp;<\/p>\n<p>Vertretung w\u00e4hrend des Urlaubs, in dringenden F\u00e4llen:<br \/> Orthop\u00e4dische Gemeinschaftspraxis am Ludwigsplatz<br \/> Waldstra\u00dfe 67<br \/> 76133 Karlsruhe<br \/> Tel. 0721\/9209010<\/p>\n<div><\/div>\n<p>[\/et_pb_text][\/et_pb_column][\/et_pb_row][\/et_pb_section]<\/p>\n","protected":false},"excerpt":{"rendered":"<p>[et_pb_section fb_built=&#8220;1&#8243; _builder_version=&#8220;4.8.2&#8243; _module_preset=&#8220;default&#8220; max_width=&#8220;1920px&#8220; module_alignment=&#8220;center&#8220; custom_margin=&#8220;||||false|false&#8220; custom_padding=&#8220;0px|||||&#8220;][et_pb_row disabled_on=&#8220;on|on|off&#8220; _builder_version=&#8220;4.8.2&#8243; _module_preset=&#8220;default&#8220; width=&#8220;100%&#8220; width_tablet=&#8220;94%&#8220; width_phone=&#8220;&#8220; width_last_edited=&#8220;on|tablet&#8220; max_width=&#8220;1920px&#8220; module_alignment=&#8220;center&#8220; custom_padding=&#8220;0px|||||&#8220;][et_pb_column type=&#8220;4_4&#8243; _builder_version=&#8220;4.8.2&#8243; _module_preset=&#8220;default&#8220;][et_pb_image src=&#8220;http:\/\/www.xn--orthopde-karlsruhe-qtb.de\/wp-content\/uploads\/2021\/03\/2.jpg&#8220; alt=&#8220;Dr. Andreas Guggenb\u00fchler&#8220; title_text=&#8220;Dr. Andreas Guggenb\u00fchler&#8220; align=&#8220;center&#8220; _builder_version=&#8220;4.8.2&#8243; _module_preset=&#8220;default&#8220; width=&#8220;100%&#8220; max_width=&#8220;1920px&#8220;][\/et_pb_image][\/et_pb_column][\/et_pb_row][et_pb_row disabled_on=&#8220;off|off|on&#8220; _builder_version=&#8220;4.8.2&#8243; _module_preset=&#8220;default&#8220; width=&#8220;100%&#8220; custom_padding=&#8220;1px|||||&#8220;][et_pb_column type=&#8220;4_4&#8243; _builder_version=&#8220;4.8.2&#8243; _module_preset=&#8220;default&#8220;][et_pb_image src=&#8220;http:\/\/www.xn--orthopde-karlsruhe-qtb.de\/wp-content\/uploads\/2021\/03\/Dr.-Andreas-Guggenbuehler.jpg&#8220; title_text=&#8220;Dr. Andreas Guggenb\u00fchler&#8220; _builder_version=&#8220;4.8.2&#8243; _module_preset=&#8220;default&#8220;][\/et_pb_image][\/et_pb_column][\/et_pb_row][et_pb_row column_structure=&#8220;2_3,1_3&#8243; _builder_version=&#8220;4.8.2&#8243; _module_preset=&#8220;default&#8220;][et_pb_column type=&#8220;2_3&#8243; _builder_version=&#8220;4.8.2&#8243; _module_preset=&#8220;default&#8220;][et_pb_text disabled_on=&#8220;on|off|off&#8220; _builder_version=&#8220;4.8.2&#8243; [&hellip;]<\/p>\n","protected":false},"author":1,"featured_media":0,"parent":0,"menu_order":0,"comment_status":"closed","ping_status":"closed","template":"","meta":{"_et_pb_use_builder":"on","_et_pb_old_content":"","_et_gb_content_width":""},"_links":{"self":[{"href":"https:\/\/www.xn--orthopde-karlsruhe-qtb.de\/index.php?rest_route=\/wp\/v2\/pages\/11"}],"collection":[{"href":"https:\/\/www.xn--orthopde-karlsruhe-qtb.de\/index.php?rest_route=\/wp\/v2\/pages"}],"about":[{"href":"https:\/\/www.xn--orthopde-karlsruhe-qtb.de\/index.php?rest_route=\/wp\/v2\/types\/page"}],"author":[{"embeddable":true,"href":"https:\/\/www.xn--orthopde-karlsruhe-qtb.de\/index.php?rest_route=\/wp\/v2\/users\/1"}],"replies":[{"embeddable":true,"href":"https:\/\/www.xn--orthopde-karlsruhe-qtb.de\/index.php?rest_route=%2Fwp%2Fv2%2Fcomments&post=11"}],"version-history":[{"count":156,"href":"https:\/\/www.xn--orthopde-karlsruhe-qtb.de\/index.php?rest_route=\/wp\/v2\/pages\/11\/revisions"}],"predecessor-version":[{"id":566,"href":"https:\/\/www.xn--orthopde-karlsruhe-qtb.de\/index.php?rest_route=\/wp\/v2\/pages\/11\/revisions\/566"}],"wp:attachment":[{"href":"https:\/\/www.xn--orthopde-karlsruhe-qtb.de\/index.php?rest_route=%2Fwp%2Fv2%2Fmedia&parent=11"}],"curies":[{"name":"wp","href":"https:\/\/api.w.org\/{rel}","templated":true}]}}